{"id":4721,"date":"2015-10-14T07:36:35","date_gmt":"2015-10-14T07:36:35","guid":{"rendered":"http:\/\/teucher-marcel.de\/?page_id=4721"},"modified":"2015-10-14T07:54:32","modified_gmt":"2015-10-14T07:54:32","slug":"redbull-sea-to-sky-2015-race-report","status":"publish","type":"page","link":"https:\/\/teucher-marcel.de\/?page_id=4721","title":{"rendered":"RedBull Sea to Sky 2015 &#8211; Race Report"},"content":{"rendered":"<div id=\"dslc-main\">\n\t\t<div  class=\"dslc-modules-section \" style=\"background-color:rgb(0, 0, 0);background-image:url(https:\/\/teucher-marcel.de\/wp-content\/uploads\/2016\/07\/IMG_2777.jpg);background-repeat:no-repeat;background-position:center center;background-attachment:fixed;background-size:cover;\" data-section-id=\"\">\n\t\t\t\t<div class=\"dslc-bg-video dslc-force-show\"><div class=\"dslc-bg-video-overlay\" style=\"background-color:#000000; opacity:0.7; \"><\/div><\/div>\n\t\t\t\t\n\t\t\t\t<div class=\"dslc-modules-section-wrapper dslc-clearfix\"> <div class=\"dslc-modules-area dslc-col dslc-12-col dslc-last-col\" data-size=\"12\" data-valign=\"\">\n\t\t<div id=\"dslc-module-304\" class=\"dslc-module-front dslc-module-DSLC_TP_Title dslc-in-viewport-check dslc-in-viewport-anim-none  dslc-col dslc-12-col  dslc-module-handle-like-regular \" data-module-id=\"304\" data-module=\"DSLC_TP_Title\" data-dslc-module-size=\"12\" data-dslc-anim=\"none\" data-dslc-anim-delay=\"0\" data-dslc-anim-duration=\"650\"  data-dslc-anim-easing=\"ease\" data-dslc-preset=\"none\" >\n\n\t\t\t\n\t\t\t\n\t\t\r\n\t\t\t\t<div class=\"dslc-tp-title\"><h1>RedBull Sea to Sky 2015 &#8211; Race Report<\/h1><\/div>\r\n\r\n\t\t\t\n\t\t\t\t<\/div><!-- .dslc-module -->\n\t\t<\/div> <div class=\"dslc-modules-area dslc-col dslc-12-col dslc-last-col\" data-size=\"12\" data-valign=\"\">\n\t\t<div id=\"dslc-module-305\" class=\"dslc-module-front dslc-module-DSLC_Text_Simple dslc-in-viewport-check dslc-in-viewport-anim-dslcFadeIn  dslc-col dslc-12-col  dslc-module-handle-like-regular \" data-module-id=\"305\" data-module=\"DSLC_Text_Simple\" data-dslc-module-size=\"12\" data-dslc-anim=\"dslcFadeIn\" data-dslc-anim-delay=\"1000\" data-dslc-anim-duration=\"3000\"  data-dslc-anim-easing=\"linear\" data-dslc-preset=\"none\" >\n\n\t\t\t\n\t\t\t\n\t\t\r\n\t\t<div class=\"dslc-text-module-content\">\r\n\t\t\t<p><span style=\"color: #ffffff;\">Auch in diesem Jahr sollte das RedBull Sea to Sky Rennen die absolute Top Veranstaltung des Jahres werden. Das Rennen etabliert sich von Jahr zu Jahr mehr und ist nach den Romaniacs die Hard Enduro Veranstaltung schlecht hin. Das Rennen in seiner 6. Auflage, mit Startern aus 35 Nationen, gl\u00e4nzte durch ein Fahrerfeld das sich gewaschen hatte.<\/span><\/p><p><span style=\"color: #ffffff;\">Im Vorfeld galt es einige organisatorische Dinge zu kl\u00e4ren, wie unseren Bike Transport mit dem Sprinter. Um mit den ganzen Bikes, Werkzeug etc. nicht am Zoll aufgehalten zu werden, ist ein ATA Carnet notwendig. Dies haben wir ganz stressfrei bei der IHK in Chemnitz durch Frau Methner bekommen. Somit hatten Denis (alias Truckerfahrer Jonny) und mein Onkel eine problemlose Einreise in Bulgarien und der T\u00fcrkei. An dieser Stelle m\u00f6chte ich auch einen riesen Danke loswerden, dass sie unsere Bikes sicher in den Orient und wieder zur\u00fcck gebracht haben. Das ist keine Selbstverst\u00e4ndlichkeit und ich bin euch daf\u00fcr sehr dankbar, ihr habt das gerockt.<\/span><\/p><div id=\"attachment_4723\" style=\"width: 760px\" class=\"wp-caption aligncenter\"><img aria-describedby=\"caption-attachment-4723\" width=\"750\" height=\"750\" class=\"size-full wp-image-4723\" alt=\"Ankunft am Airport Antalya mit dem RBR - S2S Sprinter\" src=\"http:\/\/teucher-marcel.de\/wp-content\/uploads\/2015\/10\/S2S15_1.jpg\"><p id=\"caption-attachment-4723\" class=\"wp-caption-text\"><\/span><\/a><\/span> <span style=\"color: #ffffff;\">Ankunft am Airport Antalya mit dem RBR - S2S Sprinter<\/span><\/p><\/div><p><span style=\"color: #ffffff;\">Meine Kumpels und ich durften gl\u00fccklicher Weise mit dem Flieger in die T\u00fcrkei reisen. Weniger zeitaufwendig, allerdings im Urlaubsflieger nicht wirklich komfortabler :D<\/span><\/p><p><span style=\"color: #ffffff;\">Zum ersten Mal hatten wir ein Appartment angemietet und uns selbst verpflegt. Ich hatte noch nie so einen geilen T\u00fcrkei Aufenthalt. Klar man muss alles selber machen\u2026 aber wir waren ja dort, um Rennen zu fahren und nicht Urlaub zu machen, wobei letzteres nicht zu kurz kommt. Das ist der Flair des RedBull Sea to Sky.<\/span><\/p><p><span style=\"color: #ffffff;\"><iframe width=\"750\" height=\"422\" src=\"https:\/\/player.vimeo.com\/video\/142069456\" frameborder=\"0\" allowfullscreen=\"allowfullscreen\"><\/iframe><\/span><\/p><p><span style=\"color: #ffffff;\">Ich hatte mir f\u00fcr dieses Jahr fest vorgenommen das Ziel, mit einer besseren Platzierung als im Vorjahr zu erreichen. Mir war bewusst, dass es ein langer, harter Weg werden w\u00fcrde\u2026<\/span><\/p><p><span style=\"color: #ffffff;\"><strong>Beach Race<\/strong><\/span><\/p><p><span style=\"color: #ffffff;\">Am Strand von Kemer hat der KEMK Club erneut eine geile Beachrace Runde aufgebaut mit einigen k\u00fcnstlichen Endurocrosshindernissen im Sand. Hier ging es um die Startposition f\u00fcr des Forest Race.<\/span><\/p><p><span style=\"color: #ffffff;\">In der ersten Qualirunde lief es mit meiner Startnummer 25 schon ziemlich gut. Im Steinfeld konnte ich leider nicht Ideallinie fahren und auch meine KTM ist einmal ausgegangen, aber sonst lief es wirklich gut. Ich f\u00fchlte mich fit und konnte eine gute Zeit fahren.<\/span><\/p><div id=\"attachment_4724\" style=\"width: 760px\" class=\"wp-caption aligncenter\"><img aria-describedby=\"caption-attachment-4724\" width=\"750\" height=\"496\" class=\"size-full wp-image-4724\" alt=\"Steinfeld im BeachRace\" src=\"http:\/\/teucher-marcel.de\/wp-content\/uploads\/2015\/10\/S2S15_2.jpg\"><p id=\"caption-attachment-4724\" class=\"wp-caption-text\"><\/span><\/a><\/span> <span style=\"color: #ffffff;\">Steinfeld im BeachRace<\/span><\/p><\/div><p><span style=\"color: #ffffff;\">Zwischen den beiden Qualil\u00e4ufen wurden Burak \u00d6zdemir, Paul Bolton und ich zu einem Live Interview f\u00fcr einen gro\u00dfen Radiosender aus Antalya gebeten. Live auf English zu reden, unter mangelnder Sauerstoffzufuhr, ist gar nicht so einfach. Da hatte Bolts leichten Heimvorteil, Burak erst recht :D<\/span><\/p><div id=\"attachment_4725\" style=\"width: 760px\" class=\"wp-caption aligncenter\"><img aria-describedby=\"caption-attachment-4725\" width=\"750\" height=\"500\" class=\"size-full wp-image-4725\" alt=\"Radiointerview\" src=\"http:\/\/teucher-marcel.de\/wp-content\/uploads\/2015\/10\/S2S15_3.jpg\"><p id=\"caption-attachment-4725\" class=\"wp-caption-text\"><\/span><\/a><\/span> <span style=\"color: #ffffff;\">Radiointerview<\/span><\/p><\/div><p><span style=\"color: #ffffff;\">Den zweiten Qualilauf hab ich total verbockt. Ich bin am Reifenhindernis h\u00e4ngenblieben und musste umkehren. Logisch, an eine gute Zeit war nicht mehr zu denken. Doch mein erster Lauf war gut genug, um in das Rennen der besten 50 Fahrer zu kommen.<\/span><\/p><div id=\"attachment_4726\" style=\"width: 760px\" class=\"wp-caption aligncenter\"><img aria-describedby=\"caption-attachment-4726\" width=\"750\" height=\"500\" class=\"size-full wp-image-4726\" alt=\"Beach Race Jump - 6th gear flatout\" src=\"http:\/\/teucher-marcel.de\/wp-content\/uploads\/2015\/10\/S2S15_4.jpg\"><p id=\"caption-attachment-4726\" class=\"wp-caption-text\"><\/span><\/a><\/span> <span style=\"color: #ffffff;\">Beach Race Jump - 6th gear flatout<\/span><\/p><\/div><p><span style=\"color: #ffffff;\">Im eigentlichen Beach Race galt es, in LeMans manier zu den Bikes zu sprinten und los zu b\u00f6llern. Mit Abstand der erschreckendste Moment des Rennes, wenn 50 Fahrer mehr oder weniger gleichzeitig den 6. Gang Vollgasjump springen m\u00f6chten. Doch ich kam gut los und war im ersten Drittel dabei. Den Holeshot zog Andi Lettenbichler. Doch dort wo die Strecke viel zu eng wurde war der erste Stau vorprogrammiert, so zog es sich auch \u00fcber die gesamte Renndistanz hin. Es war kein Rennen es war Krieg. Und mein K\u00f6rper fing an sich zu \u00fcberhitzen. Mir wurde gegen Rennende fast schwarz vor Augen. So eine Hitze kenn ich nur aus der Sauna, doch da fahre bzw. schiebe ich ja auch kein Mopped 15 Minuten plus eine Runde. Komplett fertig im Ziel angekommen, fuhr ich auf dem direkten Weg in die Unterkunft, um in den Pool zu steigen. Was f\u00fcr eine Wohltat. Am Ende fand ich mich auf Platz 40 wieder, was f\u00fcr mich als Ausgangsposition im Forest Race OK war.<\/span><\/p><p><span style=\"color: #ffffff;\"><strong>Forest Race<\/strong><\/span><\/p><p><span style=\"color: #ffffff;\">Ein neuer langer Timetrail im CrossCountry Stil wartete auf uns. Der ca. 45km Trail f\u00fchrte durch die W\u00e4lder um Kemer. Der Track war wieder ein guter Mix aus kniffeligen Steinpassagen, schnellen Wegen und Bachbetten. Meine KTM lief super, doch gleich nach den ersten Kilometern verabschiedete sich meine Hinterradbremse, zu hei\u00df. Ich versuchte einfach weniger zu bremsen. So k\u00fchlte diese wieder ab und ich bremste von da an mit mehr \u201eVerstand\u201c ;D . Es lief ziemlich gut und ich konnte Fahrer f\u00fcr Fahrer \u00fcberholen. Kurz vor dem Ziel verpasste ich einen Abzweig, merkte es aber zu sp\u00e4t und musste etwas suchen, bis ich den Track wieder gefunden hatte. Zu guter Letzt sorgte ich noch einmal f\u00fcr Stimmung unter den vielen Fans. Im Zielbereich musste ich zwangsl\u00e4ufig vom Baumstamm springen, um nicht ins Wasser zu fallen. Ist mir aber ganz gut gelungen ;D Nach 1:43h fehlten nur drei Minuten in die zweite Startreihe. Mit Platz 28 stand ich so stolz in der 3. Startreihe.<\/span><\/p><div id=\"attachment_4727\" style=\"width: 760px\" class=\"wp-caption aligncenter\"><img aria-describedby=\"caption-attachment-4727\" width=\"750\" height=\"497\" class=\"size-full wp-image-4727\" alt=\"Spektakul\u00e4res Forest Race Finish\" src=\"http:\/\/teucher-marcel.de\/wp-content\/uploads\/2015\/10\/S2s15_5.jpg\"><p id=\"caption-attachment-4727\" class=\"wp-caption-text\"><\/span><\/a><\/span> <span style=\"color: #ffffff;\">Spektakul\u00e4res Forest Race Finish<\/span><\/p><\/div><p><span style=\"color: #ffffff;\"><strong>Olympus Mountain Race<\/strong><\/span><\/p><p><span style=\"color: #ffffff;\">Der eigentliche Showdown war wieder das Mountain Race. Diesmal erwartete uns ein 67km Track, der alle m\u00f6glichen Gemeinheiten eines Extrem Rennes f\u00fcr uns parat halten sollte.<\/span><\/p><div id=\"attachment_4729\" style=\"width: 760px\" class=\"wp-caption aligncenter\"><img aria-describedby=\"caption-attachment-4729\" width=\"750\" height=\"500\" class=\"size-full wp-image-4729\" alt=\"Mountain Race Start\" src=\"http:\/\/teucher-marcel.de\/wp-content\/uploads\/2015\/10\/S2S15_6.jpg\"><p id=\"caption-attachment-4729\" class=\"wp-caption-text\"><\/span><\/a><\/span> <span style=\"color: #ffffff;\">Mountain Race Start<\/span><\/p><\/div><p><span style=\"color: #ffffff;\">Ich war etwas nerv\u00f6s, aber das geht ja allen so\u2026 Gut auch, um sich am Start noch mehr zu motivieren. Mein Start war gut bis sehr gut aber etwas zu fr\u00fch in den Bremsen. Ich konnte dann aber im breiten Bachbett wieder Boden gut machen und hab meine 300er gut durchgeladen. Ich klemmte mich hinter Travis Teastale, der ein sch\u00f6nes Tempo vorlegte. Aus heiterem Himmel ging meine KTM von Lenkanschlag zu Lenkanschlag, sodass ich mich sehr, sehr unsanft ungebremst an einem gro\u00dfen Stein wiederfand und dachte mein Schl\u00fcsselbein ist gebrochen. Unglaubliche Schmerzen :\/ \u2026 Vielen Dank an Benni Diesel der sofort zur Stelle war und geschaut hat wie es mir geht. Ich setzte mich kurz, um wieder klare Gedanken zu fassen. Zwar konnte ich mich relativ gut bewegen \u2026 unter Schmerzen ... aber nicht so wie bei einem Bruch. Ich fuhr also weiter. Es war schwer f\u00fcr mich wieder meinem Rhythmus zu finden. Im Canyon ging ich nach einer kleinen Unaufmerksamkeit auch noch baden :D Sch\u00f6ne Erfrischung, aber die nassen Stiefel waren schon ganz sch\u00f6n schwer :D<\/span><\/p><div id=\"attachment_4731\" style=\"width: 760px\" class=\"wp-caption aligncenter\"><img aria-describedby=\"caption-attachment-4731\" width=\"750\" height=\"500\" class=\"size-full wp-image-4731\" alt=\"Ich mit meinen T\u00fcrkischen Kumpel Burak\" src=\"http:\/\/teucher-marcel.de\/wp-content\/uploads\/2015\/10\/S2s15_71.jpg\"><p id=\"caption-attachment-4731\" class=\"wp-caption-text\"><\/span><\/a><\/span> <span style=\"color: #ffffff;\">Ich mit meinen T\u00fcrkischen Kumpel Burak<\/span><\/p><\/div><p><span style=\"color: #ffffff;\">Unweit nach dem Canyon traf ich auf meinem T\u00fcrkischen Kumpel Burak \u00d6zdemir und von da fuhren wir bis kurz nach dem 2. Tankpunkt zusammen. Bis ins Silberfinish war der Track eher einfach. Doch dann ging es los und es wurde ziemlich z\u00e4h. Steine, Steine und Steine\u2026 ach jaaa und Felsen und noch mehr Steine. Ich f\u00fchlte mich aber gut und sah den rum\u00e4nischen Fahrerkumpel Josza Levente. Das motivierte unwahrscheinlich und ich konnte noch einmal richtig pushen, vorbeigehen und einen guten Abstand herausfahren, den ich letztendlich bis ins Ziel nicht wieder hergegeben habe. Im Ziel warteten bereits meine Betreuer und Freunde. Ein unglaublich sch\u00f6nes Gef\u00fchl erneut den Gipfel erreicht zu haben. Und nicht nur das, ich habe meine Fahrzeit zum Vorjahr deutlich verbessern k\u00f6nnen und wurde als 26. gewertet. Ich bin super stolz auf dieses Ergebnis.<\/span><\/p><div id=\"attachment_4732\" style=\"width: 760px\" class=\"wp-caption aligncenter\"><img aria-describedby=\"caption-attachment-4732\" width=\"750\" height=\"489\" class=\"size-full wp-image-4732\" alt=\"Finish auf dem Mount Tahtali\" src=\"http:\/\/teucher-marcel.de\/wp-content\/uploads\/2015\/10\/S2s15_8.jpg\"><p id=\"caption-attachment-4732\" class=\"wp-caption-text\"><\/span><\/a><\/span> <span style=\"color: #ffffff;\">Finish auf dem Mount Tahtali<\/span><\/p><\/div><p><span style=\"color: #ffffff;\">Ich zog mir frische Sachen an und ging zu Jonny und Bolton in den Zielbereich. Wir haben, bis zum letzten Fahrer, alle die noch kamen gemeinsam ins Ziel gewuchtet. Unglaublich sch\u00f6n zu sehen, wie froh die Jungs waren, helfende H\u00e4nde auf den letzten schweren Meter zu haben.<\/span><\/p><div id=\"attachment_4733\" style=\"width: 760px\" class=\"wp-caption aligncenter\"><img aria-describedby=\"caption-attachment-4733\" width=\"750\" height=\"500\" class=\"size-full wp-image-4733\" alt=\"Spirit des Hard Enduros - Eine gro\u00dfe Familie\" src=\"http:\/\/teucher-marcel.de\/wp-content\/uploads\/2015\/10\/S2S15_9.jpg\"><p id=\"caption-attachment-4733\" class=\"wp-caption-text\"><\/span><\/a><\/span> <span style=\"color: #ffffff;\">Spirit des Hard Enduros - Eine gro\u00dfe Familie<\/span><\/p><\/div><p><span style=\"color: #ffffff;\">Das ist Hard Enduro!<\/span><\/p><p><span style=\"color: #ffffff;\">Ein riesen Dank geht an meine Sponsoren, Unterst\u00fctzer und G\u00f6nner, die mir dieses Event wieder erm\u00f6glicht haben. Ihr seid die Besten! Vielen Dank.<\/span><\/p><p><span style=\"color: #ffffff;\">Bis zum n\u00e4chsten Mal, Cheers der Marcel #25<\/span><\/p><p><span style=\"color: #ffffff;\"><a href=\"http:\/\/teucher-marcel.de\/?page_id=4713\"><span style=\"color: #ffffff;\">Fotogalerie<\/span><\/a><\/span><\/p>\t\t<\/div>\r\n\r\n\t\t\n\t\t\t\t<\/div><!-- .dslc-module -->\n\t\t<\/div> <\/div><\/div> \n\t\t<div  class=\"dslc-modules-section \" style=\"padding-bottom:21px;padding-top:21px;\" data-section-id=\"\">\n\t\t\t\t\n\t\t\t\t\n\t\t\t\t<div class=\"dslc-modules-section-wrapper dslc-clearfix\"> <div class=\"dslc-modules-area dslc-col dslc-12-col dslc-last-col\" data-size=\"12\" data-valign=\"\">\n\t\t<div id=\"dslc-module-306\" class=\"dslc-module-front dslc-module-DSLC_Navigation dslc-in-viewport-check dslc-in-viewport-anim-none  dslc-col dslc-12-col  dslc-module-handle-like-regular \" data-module-id=\"306\" data-module=\"DSLC_Navigation\" data-dslc-module-size=\"12\" data-dslc-anim=\"none\" data-dslc-anim-delay=\"0\" data-dslc-anim-duration=\"650\"  data-dslc-anim-easing=\"default\" data-dslc-preset=\"none\" >\n\n\t\t\t\n\t\t\t\n\t\t\t\t\t<div class=\"dslc-navigation dslc-navigation-sub-position-default dslc-navigation-res-t-disabled dslc-navigation-res-p-disabled dslc-navigation-orientation-horizontal\">\r\n\t\t\t\t<div class=\"dslc-navigation-inner\">\r\n\t\t\t\t\t<div class=\"menu-2-container\"><ul id=\"menu-3\" class=\"menu\"><li class=\"menu-item menu-item-type-custom menu-item-object-custom menu-item-home menu-item-5379\"><a href=\"http:\/\/teucher-marcel.de\">Home<\/a><\/li>\n<li class=\"menu-item menu-item-type-post_type menu-item-object-page menu-item-has-children menu-item-5380\"><a href=\"https:\/\/teucher-marcel.de\/?page_id=183\">News<\/a>\n<ul class=\"sub-menu\">\n\t<li class=\"menu-item menu-item-type-post_type menu-item-object-page menu-item-7382\"><a href=\"https:\/\/teucher-marcel.de\/?page_id=7378\">News 2026<\/a><\/li>\n\t<li class=\"menu-item menu-item-type-post_type menu-item-object-page menu-item-7321\"><a href=\"https:\/\/teucher-marcel.de\/?page_id=7319\">News 2025<\/a><\/li>\n\t<li class=\"menu-item menu-item-type-post_type menu-item-object-page menu-item-7228\"><a href=\"https:\/\/teucher-marcel.de\/?page_id=7225\">News 2024<\/a><\/li>\n\t<li class=\"menu-item menu-item-type-post_type menu-item-object-page menu-item-7189\"><a href=\"https:\/\/teucher-marcel.de\/?page_id=7175\">News 2022<\/a><\/li>\n\t<li class=\"menu-item menu-item-type-post_type menu-item-object-page menu-item-7155\"><a href=\"https:\/\/teucher-marcel.de\/?page_id=7153\">News 2021<\/a><\/li>\n\t<li class=\"menu-item menu-item-type-post_type menu-item-object-page menu-item-7047\"><a href=\"https:\/\/teucher-marcel.de\/?page_id=7044\">News 2020<\/a><\/li>\n\t<li class=\"menu-item menu-item-type-post_type menu-item-object-page menu-item-6826\"><a href=\"https:\/\/teucher-marcel.de\/?page_id=6824\">News 2019<\/a><\/li>\n\t<li class=\"menu-item menu-item-type-post_type menu-item-object-page menu-item-6388\"><a href=\"https:\/\/teucher-marcel.de\/?page_id=6363\">News  2018<\/a><\/li>\n\t<li class=\"menu-item menu-item-type-post_type menu-item-object-page menu-item-5909\"><a href=\"https:\/\/teucher-marcel.de\/?page_id=5907\">News 2017<\/a><\/li>\n\t<li class=\"menu-item menu-item-type-post_type menu-item-object-page menu-item-5381\"><a href=\"https:\/\/teucher-marcel.de\/?page_id=4880\">News 2016<\/a><\/li>\n\t<li class=\"menu-item menu-item-type-post_type menu-item-object-page menu-item-5382\"><a href=\"https:\/\/teucher-marcel.de\/?page_id=3865\">News 2015<\/a><\/li>\n\t<li class=\"menu-item menu-item-type-post_type menu-item-object-page menu-item-5383\"><a href=\"https:\/\/teucher-marcel.de\/?page_id=1066\">News 2014<\/a><\/li>\n\t<li class=\"menu-item menu-item-type-post_type menu-item-object-page menu-item-5385\"><a href=\"https:\/\/teucher-marcel.de\/?page_id=185\">News 2013<\/a><\/li>\n\t<li class=\"menu-item menu-item-type-post_type menu-item-object-page menu-item-5384\"><a href=\"https:\/\/teucher-marcel.de\/?page_id=315\">News 2012<\/a><\/li>\n<\/ul>\n<\/li>\n<li class=\"menu-item menu-item-type-post_type menu-item-object-page menu-item-5386\"><a href=\"https:\/\/teucher-marcel.de\/?page_id=5282\">Sportliche Laufbahn<\/a><\/li>\n<li class=\"menu-item menu-item-type-post_type menu-item-object-page menu-item-5387\"><a href=\"https:\/\/teucher-marcel.de\/?page_id=78\">Sponsoren<\/a><\/li>\n<li class=\"menu-item menu-item-type-post_type menu-item-object-page menu-item-has-children menu-item-5388\"><a href=\"https:\/\/teucher-marcel.de\/?page_id=4051\">Media<\/a>\n<ul class=\"sub-menu\">\n\t<li class=\"menu-item menu-item-type-custom menu-item-object-custom menu-item-7229\"><a href=\"https:\/\/www.instagram.com\/marcelteucher25\/\">Instagram<\/a><\/li>\n\t<li class=\"menu-item menu-item-type-custom menu-item-object-custom menu-item-5390\"><a href=\"http:\/\/teucher-marcel.de\/?page_id=710\">Fotogalerie<\/a><\/li>\n\t<li class=\"menu-item menu-item-type-post_type menu-item-object-page menu-item-5391\"><a href=\"https:\/\/teucher-marcel.de\/?page_id=4048\">Video<\/a><\/li>\n\t<li class=\"menu-item menu-item-type-post_type menu-item-object-page menu-item-5392\"><a href=\"https:\/\/teucher-marcel.de\/?page_id=537\">Presseberichte<\/a><\/li>\n\t<li class=\"menu-item menu-item-type-post_type menu-item-object-page menu-item-5393\"><a href=\"https:\/\/teucher-marcel.de\/?page_id=1165\">Mediaservice<\/a><\/li>\n<\/ul>\n<\/li>\n<li class=\"menu-item menu-item-type-post_type menu-item-object-page menu-item-5395\"><a href=\"https:\/\/teucher-marcel.de\/?page_id=749\">EnduroPro<\/a><\/li>\n<li class=\"menu-item menu-item-type-post_type menu-item-object-page menu-item-5397\"><a href=\"https:\/\/teucher-marcel.de\/?page_id=3948\">Impressum\/Kontakt<\/a><\/li>\n<\/ul><\/div>\r\n\t\t\t\t\t\t\t\t\t<\/div>\r\n\t\t\t<\/div>\r\n\t\t\t<div class=\"dslc-mobile-navigation dslc-navigation-res-t-disabled  dslc-navigation-res-p-disabled\">\r\n\t\t\t\t<select><option>- Select -<\/option><option value=\"http:\/\/teucher-marcel.de\" >Home<\/option><option value=\"https:\/\/teucher-marcel.de\/?page_id=183\" >News<\/option><option value=\"https:\/\/teucher-marcel.de\/?page_id=7378\" >News 2026<\/option><option value=\"https:\/\/teucher-marcel.de\/?page_id=7319\" >News 2025<\/option><option value=\"https:\/\/teucher-marcel.de\/?page_id=7225\" >News 2024<\/option><option value=\"https:\/\/teucher-marcel.de\/?page_id=7175\" >News 2022<\/option><option value=\"https:\/\/teucher-marcel.de\/?page_id=7153\" >News 2021<\/option><option value=\"https:\/\/teucher-marcel.de\/?page_id=7044\" >News 2020<\/option><option value=\"https:\/\/teucher-marcel.de\/?page_id=6824\" >News 2019<\/option><option value=\"https:\/\/teucher-marcel.de\/?page_id=6363\" >News  2018<\/option><option value=\"https:\/\/teucher-marcel.de\/?page_id=5907\" >News 2017<\/option><option value=\"https:\/\/teucher-marcel.de\/?page_id=4880\" >News 2016<\/option><option value=\"https:\/\/teucher-marcel.de\/?page_id=3865\" >News 2015<\/option><option value=\"https:\/\/teucher-marcel.de\/?page_id=1066\" > - News 2014<\/option><option value=\"https:\/\/teucher-marcel.de\/?page_id=185\" > - News 2013<\/option><option value=\"https:\/\/teucher-marcel.de\/?page_id=315\" > - News 2012<\/option><option value=\"https:\/\/teucher-marcel.de\/?page_id=5282\" >Sportliche Laufbahn<\/option><option value=\"https:\/\/teucher-marcel.de\/?page_id=78\" >Sponsoren<\/option><option value=\"https:\/\/teucher-marcel.de\/?page_id=4051\" >Media<\/option><option value=\"https:\/\/www.instagram.com\/marcelteucher25\/\" >Instagram<\/option><option value=\"http:\/\/teucher-marcel.de\/?page_id=710\" >Fotogalerie<\/option><option value=\"https:\/\/teucher-marcel.de\/?page_id=4048\" >Video<\/option><option value=\"https:\/\/teucher-marcel.de\/?page_id=537\" >Presseberichte<\/option><option value=\"https:\/\/teucher-marcel.de\/?page_id=1165\" >Mediaservice<\/option><option value=\"https:\/\/teucher-marcel.de\/?page_id=749\" >EnduroPro<\/option><option value=\"https:\/\/teucher-marcel.de\/?page_id=3948\" >Impressum\/Kontakt<\/option><\/select>\r\n\t\t\t\t<div class=\"dslc-mobile-navigation-hook\"><span class=\"dslc-icon dslc-icon-reorder\"><\/span><\/div>\r\n\t\t\t<\/div><!-- .dslc-mobile-navigation -->\r\n\r\n\t\t\t\r\n\t\t\t<script type=\"text\/javascript\">\r\n\t\t\t\tvar menuItems = document.querySelectorAll( '.dslc-navigation .menu > li.menu-item-has-children:not(.menu-with-arrow) > a' );\r\n\r\n\t\t\t\tfor (var i = 0, len = menuItems.length; i < len; i++) {\r\n\t\t\t\t  menuItems[i].insertAdjacentHTML('afterend', '<span class=\"dslc-navigation-arrow dslc-icon dslc-icon-chevron-down\"><\/span>');\r\n\t\t\t\t  menuItems[i].parentElement.className += \" menu-with-arrow\";\r\n\t\t\t\t}\r\n\t\t\t<\/script>\r\n\t\t\t\n\t\t\t\t<\/div><!-- .dslc-module -->\n\t\t<\/div> <\/div><\/div> <\/div>","protected":false},"excerpt":{"rendered":"<p>RedBull Sea to Sky 2015 &#8211; Race Report Auch in diesem Jahr sollte das RedBull Sea to Sky Rennen die absolute Top Veranstaltung des Jahres werden. Das Rennen etabliert sich von Jahr zu Jahr mehr und ist nach den Romaniacs die Hard Enduro Veranstaltung schlecht hin. Das Rennen in seiner 6. Auflage, mit Startern aus [&hellip;]<\/p>\n","protected":false},"author":1,"featured_media":0,"parent":0,"menu_order":0,"comment_status":"closed","ping_status":"open","template":"fullpage.php","meta":{"ngg_post_thumbnail":0,"footnotes":"","_links_to":"","_links_to_target":""},"class_list":["post-4721","page","type-page","status-publish","hentry"],"_links":{"self":[{"href":"https:\/\/teucher-marcel.de\/index.php?rest_route=\/wp\/v2\/pages\/4721","targetHints":{"allow":["GET"]}}],"collection":[{"href":"https:\/\/teucher-marcel.de\/index.php?rest_route=\/wp\/v2\/pages"}],"about":[{"href":"https:\/\/teucher-marcel.de\/index.php?rest_route=\/wp\/v2\/types\/page"}],"author":[{"embeddable":true,"href":"https:\/\/teucher-marcel.de\/index.php?rest_route=\/wp\/v2\/users\/1"}],"replies":[{"embeddable":true,"href":"https:\/\/teucher-marcel.de\/index.php?rest_route=%2Fwp%2Fv2%2Fcomments&post=4721"}],"version-history":[{"count":11,"href":"https:\/\/teucher-marcel.de\/index.php?rest_route=\/wp\/v2\/pages\/4721\/revisions"}],"predecessor-version":[{"id":4744,"href":"https:\/\/teucher-marcel.de\/index.php?rest_route=\/wp\/v2\/pages\/4721\/revisions\/4744"}],"wp:attachment":[{"href":"https:\/\/teucher-marcel.de\/index.php?rest_route=%2Fwp%2Fv2%2Fmedia&parent=4721"}],"curies":[{"name":"wp","href":"https:\/\/api.w.org\/{rel}","templated":true}]}}